{"id":113086,"date":"2023-12-28T19:24:02","date_gmt":"2023-12-28T18:24:02","guid":{"rendered":"https:\/\/svitimprotebe.cz\/eshop\/?post_type=product&#038;p=113086"},"modified":"2026-04-30T18:21:52","modified_gmt":"2026-04-30T16:21:52","slug":"led-lampa-na-cteni-s-klipem-bez-modreho-svetla-stmivatelna","status":"publish","type":"product","link":"https:\/\/svitimprotebe.cz\/eshop\/led-lampa-na-cteni-s-klipem-bez-modreho-svetla-stmivatelna\/","title":{"rendered":"LED lampa na \u010dten\u00ed ORAN\u017dOVKA bez modr\u00e9ho sv\u011btla &#8211; stm\u00edvateln\u00e1 | \u010dern\u00e1"},"content":{"rendered":"<h3>Posvi\u0165te si na dobrou noc<\/h3>\n<p>M\u00e1te ve zvyku si ve\u010der \u010d\u00edst v&nbsp;posteli? Anebo p\u0159ed\u010d\u00edt\u00e1te poh\u00e1dky na usnut\u00ed sv\u00fdm d\u011btem? Pak je pro v\u00e1s lampa ORAN\u017dOVKA na no\u010dn\u00ed stolek jako d\u011blan\u00e1. <strong>Sv\u011btlo o teplot\u011b barvy 1600K toti\u017e neobsahuje modrou slo\u017eku<\/strong> a skv\u011ble se proto hod\u00ed na <a href=\"https:\/\/svitimprotebe.cz\/doporucena-doba-pouzivani-svitidel\/\">ve\u010dern\u00ed \u010di no\u010dn\u00ed sv\u00edcen\u00ed<\/a>. Na t\u011blo p\u016fsob\u00ed uklid\u0148uj\u00edc\u00edm dojmem a p\u0159isp\u00edv\u00e1 k\u00a0dobr\u00e9mu sp\u00e1nku. Krom\u011b toho lampi\u010dku ocen\u00edte i p\u0159i no\u010dn\u00edm vst\u00e1v\u00e1n\u00ed, kdy v\u00e1s sv\u011btlo d\u00edky tepl\u00e9mu zabarven\u00ed p\u0159\u00edli\u0161 neosln\u00ed a v\u00e1m se tak p\u0159i n\u00e1vratu do postele op\u011bt poda\u0159\u00ed snadno usnout.<\/p>\n<h3>S na\u0161\u00ed lampi\u010dkou se v\u00e1m bude us\u00ednat samo<\/h3>\n<p>Ve\u010dern\u00ed usp\u00e1v\u00e1n\u00ed je ka\u017edodenn\u00ed rutina asi v\u0161ech rodi\u010d\u016f. A pr\u00e1v\u011b pro tyto chv\u00edle je tato <a href=\"https:\/\/svitimprotebe.cz\/eshop\/plnospektralni-zdrave-osvetleni\/plnospektralni-led-svitidla\/nocni\/\">no\u010dn\u00ed lampi\u010dka<\/a> jako d\u011blan\u00e1. Rodi\u010d\u016fm posv\u00edt\u00ed na \u010dten\u00ed poh\u00e1dky a \u017elut\u00e9 sv\u011btlo jejich ratolesti <b>sn\u00e1ze ukol\u00e9b\u00e1 ke sladk\u00e9mu sp\u00e1nku<\/b>. A milovat ji budou i d\u011bti, kter\u00fdm se ve\u010der nechce do post\u00fdlky nebo nerady us\u00ednaj\u00ed ve tm\u011b. Tato lampi\u010dka hrav\u011b zklidn\u00ed jejich d\u011btskou energii a v\u00a0noci se jim d\u00edky p\u0159\u00edjemn\u00e9mu tepl\u00e9mu sv\u00edcen\u00ed budou zd\u00e1t sladk\u00e9 sny.<\/p>\n<div class=\"gdc_row\"><div class=\"gdc_column gdc_chalf\"><div class=\"gdc_inner\"><br \/>\n<img fetchpriority=\"high\" decoding=\"async\" class=\"aligncenter wp-image-114534 size-full\" src=\"https:\/\/svitimprotebe.cz\/eshop\/wp-content\/uploads\/2023\/10\/DSC_2969-1.jpg\" alt=\"\" width=\"1200\" height=\"795\" srcset=\"https:\/\/svitimprotebe.cz\/eshop\/wp-content\/uploads\/2023\/10\/DSC_2969-1.jpg 1200w, https:\/\/svitimprotebe.cz\/eshop\/wp-content\/uploads\/2023\/10\/DSC_2969-1-300x199.jpg 300w, https:\/\/svitimprotebe.cz\/eshop\/wp-content\/uploads\/2023\/10\/DSC_2969-1-1024x678.jpg 1024w, https:\/\/svitimprotebe.cz\/eshop\/wp-content\/uploads\/2023\/10\/DSC_2969-1-768x509.jpg 768w, https:\/\/svitimprotebe.cz\/eshop\/wp-content\/uploads\/2023\/10\/DSC_2969-1-740x490.jpg 740w\" sizes=\"(max-width: 1200px) 100vw, 1200px\" \/><br \/>\n<\/div><\/div><div class=\"gdc_column gdc_chalf\"><div class=\"gdc_inner\"><br \/>\n<img decoding=\"async\" class=\"wp-image-114533 size-full aligncenter\" src=\"https:\/\/svitimprotebe.cz\/eshop\/wp-content\/uploads\/2023\/10\/DSC_1057-1-e1699977178367.jpg\" alt=\"\" width=\"1200\" height=\"796\" srcset=\"https:\/\/svitimprotebe.cz\/eshop\/wp-content\/uploads\/2023\/10\/DSC_1057-1-e1699977178367.jpg 1200w, https:\/\/svitimprotebe.cz\/eshop\/wp-content\/uploads\/2023\/10\/DSC_1057-1-e1699977178367-300x199.jpg 300w, https:\/\/svitimprotebe.cz\/eshop\/wp-content\/uploads\/2023\/10\/DSC_1057-1-e1699977178367-1024x679.jpg 1024w, https:\/\/svitimprotebe.cz\/eshop\/wp-content\/uploads\/2023\/10\/DSC_1057-1-e1699977178367-768x509.jpg 768w, https:\/\/svitimprotebe.cz\/eshop\/wp-content\/uploads\/2023\/10\/DSC_1057-1-e1699977178367-740x491.jpg 740w\" sizes=\"(max-width: 1200px) 100vw, 1200px\" \/><br \/>\n<\/div><\/div><\/div>\n<h3>Dokonale se p\u0159izp\u016fsob\u00ed va\u0161im pot\u0159eb\u00e1m<\/h3>\n<p>Obrovskou v\u00fdhodou lampi\u010dky je tak\u00e9 zp\u016fsob upevn\u011bn\u00ed. Pomoc\u00ed klipu s&nbsp;rozp\u011bt\u00edm a\u017e 2,5 centimetr\u016f si ji snadno m\u016f\u017eete p\u0159ipnout na \u010delo postele, k&nbsp;poli\u010dce na zdi \u010di t\u0159eba ke <a href=\"https:\/\/svitimprotebe.cz\/eshop\/kniha-cirkadianni-kod\/\">kn\u00ed\u017ece<\/a>, kterou \u010dtete. A d\u00edky\u00a0<b>flexibiln\u00edmu gumov\u00e9mu ramenu<\/b> si pak ku\u017eel sv\u011btla nasm\u011brujete p\u0159esn\u011b tam, kam pot\u0159ebujete.<\/p>\n<p><a href=\"https:\/\/svitimprotebe.cz\/eshop\/wp-content\/uploads\/2023\/12\/led-lampa-na_cteni-cerna-s-klipem-bila-popis-jednotl-casti-lampy2-scaled.jpg\"><img decoding=\"async\" class=\"aligncenter wp-image-147510\" src=\"https:\/\/svitimprotebe.cz\/eshop\/wp-content\/uploads\/2023\/12\/led-lampa-na_cteni-cerna-s-klipem-bila-popis-jednotl-casti-lampy2-scaled.jpg\" alt=\"\" width=\"1802\" height=\"1530\" srcset=\"https:\/\/svitimprotebe.cz\/eshop\/wp-content\/uploads\/2023\/12\/led-lampa-na_cteni-cerna-s-klipem-bila-popis-jednotl-casti-lampy2-scaled.jpg 2560w, https:\/\/svitimprotebe.cz\/eshop\/wp-content\/uploads\/2023\/12\/led-lampa-na_cteni-cerna-s-klipem-bila-popis-jednotl-casti-lampy2-300x255.jpg 300w, https:\/\/svitimprotebe.cz\/eshop\/wp-content\/uploads\/2023\/12\/led-lampa-na_cteni-cerna-s-klipem-bila-popis-jednotl-casti-lampy2-1024x870.jpg 1024w, https:\/\/svitimprotebe.cz\/eshop\/wp-content\/uploads\/2023\/12\/led-lampa-na_cteni-cerna-s-klipem-bila-popis-jednotl-casti-lampy2-768x652.jpg 768w, https:\/\/svitimprotebe.cz\/eshop\/wp-content\/uploads\/2023\/12\/led-lampa-na_cteni-cerna-s-klipem-bila-popis-jednotl-casti-lampy2-1536x1304.jpg 1536w, https:\/\/svitimprotebe.cz\/eshop\/wp-content\/uploads\/2023\/12\/led-lampa-na_cteni-cerna-s-klipem-bila-popis-jednotl-casti-lampy2-2048x1739.jpg 2048w, https:\/\/svitimprotebe.cz\/eshop\/wp-content\/uploads\/2023\/12\/led-lampa-na_cteni-cerna-s-klipem-bila-popis-jednotl-casti-lampy2-740x628.jpg 740w, https:\/\/svitimprotebe.cz\/eshop\/wp-content\/uploads\/2023\/12\/led-lampa-na_cteni-cerna-s-klipem-bila-popis-jednotl-casti-lampy2-64x54.jpg 64w\" sizes=\"(max-width: 1802px) 100vw, 1802px\" \/><\/a><\/p>\n<p>K tomu v\u0161emu je lampa ORAN\u017dOVKA vzhledem ke sv\u00e9 plastov\u00e9 konstrukci velmi lehk\u00e1 a vy si ji tak m\u016f\u017eete dle libosti snadno p\u0159en\u00e1\u0161et. Pokud tedy r\u00e1di tr\u00e1v\u00edte tepl\u00e9 letn\u00ed ve\u010dery t\u0159eba venkovn\u00edm \u010dten\u00edm, m\u016f\u017eete ji vyu\u017e\u00edt i tam. Nav\u00edc se <strong>nap\u00e1j\u00ed p\u0159es USB<\/strong>, tak\u017ee ji m\u016f\u017eete nab\u00edjet tak\u00e9 z&nbsp;power banky. A zda je lampi\u010dka dostate\u010dn\u011b nabit\u00e1 snadno zjist\u00edte d\u00edky sv\u011bteln\u00e9 kontrolce. \u010cerven\u00e1 zna\u010d\u00ed proces nap\u00e1jen\u00ed, zelen\u00e1 pak zcela nabit\u00fd stav.<\/p>\n<p>Pro nab\u00edjen\u00ed doporu\u010dujeme pou\u017e\u00edvat <a href=\"https:\/\/svitimprotebe.cz\/eshop\/napajeci-usb-adapter-pro-oranzovku\/\" target=\"_blank\" rel=\"noopener\">nap\u00e1jec\u00ed USB adapt\u00e9r pro ORAN\u017dOVKU<\/a>, kter\u00fd zajist\u00ed <strong>bezpe\u010dn\u00e9 a stabiln\u00ed nap\u00e1jen\u00ed<\/strong> bez rizika po\u0161kozen\u00ed nebo zkr\u00e1cen\u00ed \u017eivotnosti za\u0159\u00edzen\u00ed. Lampi\u010dku pak m\u016f\u017eete vyu\u017e\u00edvat nejen jako p\u0159enosn\u00e9 sv\u00edtidlo, ale <strong>m\u016f\u017ee b\u00fdt tak\u00e9<\/strong> <strong>st\u00e1le p\u0159ipojen\u00e1 k&nbsp;nab\u00edje\u010dce <\/strong>&#8211; na \u017eivotnost baterie to nem\u00e1 \u017e\u00e1dn\u00fd vliv.<\/p>\n<p>A to nejlep\u0161\u00ed na konec. Pomoc\u00ed tla\u010d\u00edtka On\/Off ji m\u016f\u017eete nejen zap\u00ednat a vyp\u00ednat, ale tak\u00e9 <strong>m\u011bnit intenzitu sv\u00edcen\u00ed<\/strong>. Pt\u00e1te se jak? Je to velmi snadn\u00e9, tla\u010d\u00edtko pouze d\u00e9le p\u0159idr\u017e\u00edte a intenzita osv\u011btlen\u00ed se za\u010dne postupn\u011b zvy\u0161ovat nebo sni\u017eovat. Tuto funkci vyu\u017eijete nejen p\u0159i \u010dten\u00ed, ale tak\u00e9 t\u0159eba p\u0159i pr\u00e1ci na po\u010d\u00edta\u010di, kdy si lampi\u010dku m\u016f\u017eete p\u0159ipevnit nap\u0159\u00edklad ke kl\u00e1vesnici. Nav\u00edc lampa na \u010dten\u00ed ORAN\u017dOVKA si pamatuje posledn\u00ed nastavenou intenzitu, tedy p\u0159i ka\u017ed\u00e9m zapnut\u00ed se rozsv\u00edt\u00ed ve stejn\u00e9 intenzit\u011b, v&nbsp;jak\u00e9 byla p\u0159ed vypnut\u00edm.<\/p>\n<div class=\"gdc_row\"><div class=\"gdc_column gdc_chalf\"><div class=\"gdc_inner\"><br \/>\n<img loading=\"lazy\" decoding=\"async\" class=\"aligncenter wp-image-114536 size-full\" src=\"https:\/\/svitimprotebe.cz\/eshop\/wp-content\/uploads\/2023\/10\/DSC_0803-1-e1702316818762.jpg\" alt=\"\" width=\"1200\" height=\"774\" srcset=\"https:\/\/svitimprotebe.cz\/eshop\/wp-content\/uploads\/2023\/10\/DSC_0803-1-e1702316818762.jpg 1200w, https:\/\/svitimprotebe.cz\/eshop\/wp-content\/uploads\/2023\/10\/DSC_0803-1-e1702316818762-300x194.jpg 300w, https:\/\/svitimprotebe.cz\/eshop\/wp-content\/uploads\/2023\/10\/DSC_0803-1-e1702316818762-1024x660.jpg 1024w, https:\/\/svitimprotebe.cz\/eshop\/wp-content\/uploads\/2023\/10\/DSC_0803-1-e1702316818762-768x495.jpg 768w, https:\/\/svitimprotebe.cz\/eshop\/wp-content\/uploads\/2023\/10\/DSC_0803-1-e1702316818762-740x477.jpg 740w\" sizes=\"(max-width: 1200px) 100vw, 1200px\" \/><br \/>\n<\/div><\/div><div class=\"gdc_column gdc_chalf\"><div class=\"gdc_inner\"><br \/>\n<img loading=\"lazy\" decoding=\"async\" class=\"aligncenter wp-image-115861 size-full\" src=\"https:\/\/svitimprotebe.cz\/eshop\/wp-content\/uploads\/2023\/11\/DSC_1370.jpg\" alt=\"\" width=\"1200\" height=\"773\" srcset=\"https:\/\/svitimprotebe.cz\/eshop\/wp-content\/uploads\/2023\/11\/DSC_1370.jpg 1200w, https:\/\/svitimprotebe.cz\/eshop\/wp-content\/uploads\/2023\/11\/DSC_1370-300x193.jpg 300w, https:\/\/svitimprotebe.cz\/eshop\/wp-content\/uploads\/2023\/11\/DSC_1370-1024x660.jpg 1024w, https:\/\/svitimprotebe.cz\/eshop\/wp-content\/uploads\/2023\/11\/DSC_1370-768x495.jpg 768w, https:\/\/svitimprotebe.cz\/eshop\/wp-content\/uploads\/2023\/11\/DSC_1370-740x477.jpg 740w\" sizes=\"(max-width: 1200px) 100vw, 1200px\" \/><br \/>\n<\/div><\/div><\/div>\n<p>&nbsp;<\/p>\n","protected":false},"excerpt":{"rendered":"<p>Hled\u00e1te ide\u00e1ln\u00ed no\u010dn\u00ed lampi\u010dku <strong>na \u010dten\u00ed a s&nbsp;klipem<\/strong>? Tak to jste tu spr\u00e1vn\u011b. Na\u0161e <strong>lampa ORAN\u017dOVKA s&nbsp;klipem na uchycen\u00ed<\/strong> si v\u00e1s z\u00edsk\u00e1 nejen pro sv\u016fj neot\u0159el\u00fd design a praktick\u00e9 vyu\u017eit\u00ed. D\u00edky n\u00edzk\u00e9 teplot\u011b barvy <strong>1600K sv\u011btlo neobsahuje modrou slo\u017eku<\/strong> a v\u00e1m se tak bude us\u00ednat \u00fapln\u011b samo. A nav\u00edc je lampa <strong>stm\u00edvateln<\/strong>\u00e1, tak\u017ee intenzitu sv\u00edcen\u00ed si m\u016f\u017eete nastavit dle libosti.<\/p>\n","protected":false},"featured_media":130159,"template":"","meta":{"_acf_changed":false},"product_brand":[],"product_cat":[1777,1991,1994,1993,2007,487,2014,1986,1981,1984,1979,1985,304,2018,23,573,866,2015,2138],"product_tag":[1920],"class_list":{"0":"post-113086","1":"product","2":"type-product","3":"status-publish","4":"has-post-thumbnail","6":"product_cat-svitidla-bez-modre-slozky","7":"product_cat-nocni-lampy-k-posteli-bez-modre-slozky","8":"product_cat-nocni-lampy-k-prebalovacimu-pultu-a-postylce-bez-modre-slozky","9":"product_cat-nocni-lampy-na-nocni-stolek-bez-modre-slozky","10":"product_cat-nocni-svetla-pro-orientaci-ve-tme-bez-modre-slozky","11":"product_cat-nocni","12":"product_cat-svetlo-oranzovka","13":"product_cat-svetla-do-chodby-predsine-a-na-schodiste","14":"product_cat-svetla-do-detskeho-pokoje","15":"product_cat-svetla-do-koupelny","16":"product_cat-svetla-do-loznice","17":"product_cat-svetla-na-zachod","18":"product_cat-plnospektralni-led-svitidla","19":"product_cat-plnospektralni-led-svitidla-podle-typu-montaze","20":"product_cat-plnospektralni-zdrave-osvetleni","21":"product_cat-stolni-plnospektralni","22":"product_cat-svetlo-bez-modre-slozky","23":"product_cat-vecerni-oranzovka","24":"product_cat-vecerni-oranzovka-led-svitidla","25":"product_tag-oranzovka","26":"product_shipping_class-zakladni","27":"pa_barva-svitidla-cerna","28":"pa_chytre-svitidlo-ano","29":"pa_delka-1913","30":"pa_doba-pouzivani-nocni-osvetleni","31":"pa_doba-pouzivani-vecerni-osvetleni","32":"pa_material-plast","33":"pa_meni-barvy-tw-varianta-ne","34":"pa_napajeni-baterie","35":"pa_pohybovy-senzor-ne","36":"pa_sirka-prumer-891","37":"pa_stmivatelne-ano","38":"pa_stupen-kryti-ip-ip20","39":"pa_styl-bohemsky","40":"pa_styl-eklekticky","41":"pa_styl-industrialni","42":"pa_styl-minimalisticky-a-seversky","43":"pa_styl-moderni","44":"pa_styl-provensalsky","45":"pa_styl-vintage-neboli-retro","46":"pa_svetelny-tok-51-100-lm","47":"pa_teplota-barvy-1500-1600-k","48":"pa_tvar-svitidla-specialni-tvar","49":"pa_typ-produktu-led-svitidlo","50":"pa_umisteni-montaz-samostatne-stojici","51":"pa_vhodne-do-chodba","52":"pa_vhodne-do-detsky-pokoj","53":"pa_vhodne-do-garaz","54":"pa_vhodne-do-kuchyne","55":"pa_vhodne-do-loznice","56":"pa_vhodne-do-obyvaci-pokoj","57":"pa_vhodne-do-pracovna","58":"pa_vhodne-do-satna","59":"pa_vhodne-do-schodiste","60":"pa_vhodne-do-spiz","61":"pa_vhodne-do-technicka-mistnost","62":"pa_vhodne-do-zachod","63":"pa_vykon-mene-nez-3-w","64":"pa_vymenitelny-svetelny-zdroj-ne","65":"pa_vypinac-na-tele-svitidla-ano","66":"pa_vyska-1065","67":"pa_zpusob-vyzarovani-prime","69":"first","70":"instock","71":"taxable","72":"shipping-taxable","73":"purchasable","74":"product-type-simple"},"acf":[],"_links":{"self":[{"href":"https:\/\/svitimprotebe.cz\/eshop\/wp-json\/wp\/v2\/product\/113086","targetHints":{"allow":["GET"]}}],"collection":[{"href":"https:\/\/svitimprotebe.cz\/eshop\/wp-json\/wp\/v2\/product"}],"about":[{"href":"https:\/\/svitimprotebe.cz\/eshop\/wp-json\/wp\/v2\/types\/product"}],"version-history":[{"count":0,"href":"https:\/\/svitimprotebe.cz\/eshop\/wp-json\/wp\/v2\/product\/113086\/revisions"}],"wp:featuredmedia":[{"embeddable":true,"href":"https:\/\/svitimprotebe.cz\/eshop\/wp-json\/wp\/v2\/media\/130159"}],"wp:attachment":[{"href":"https:\/\/svitimprotebe.cz\/eshop\/wp-json\/wp\/v2\/media?parent=113086"}],"wp:term":[{"taxonomy":"product_brand","embeddable":true,"href":"https:\/\/svitimprotebe.cz\/eshop\/wp-json\/wp\/v2\/product_brand?post=113086"},{"taxonomy":"product_cat","embeddable":true,"href":"https:\/\/svitimprotebe.cz\/eshop\/wp-json\/wp\/v2\/product_cat?post=113086"},{"taxonomy":"product_tag","embeddable":true,"href":"https:\/\/svitimprotebe.cz\/eshop\/wp-json\/wp\/v2\/product_tag?post=113086"}],"curies":[{"name":"wp","href":"https:\/\/api.w.org\/{rel}","templated":true}]}}